{"id":299,"date":"2020-12-03T10:38:22","date_gmt":"2020-12-03T13:38:22","guid":{"rendered":"https:\/\/www.sebraepr.com.br\/compra-pr\/?page_id=299"},"modified":"2022-09-29T08:20:42","modified_gmt":"2022-09-29T11:20:42","slug":"amplie-conhecimento","status":"publish","type":"page","link":"https:\/\/www.sebraepr.com.br\/compra-pr\/amplie-conhecimento\/","title":{"rendered":"Amplie Conhecimento"},"content":{"rendered":"<div id='full_slider_1'  class='avia-fullwidth-slider main_color avia-shadow   avia-builder-el-0  el_before_av_section  avia-builder-el-first   container_wrap fullsize' style=' '  ><div   data-size='no scaling'  data-lightbox_size='large'  data-animation='slide'  data-conditional_play=''  data-ids='303'  data-video_counter='0'  data-autoplay='false'  data-bg_slider='false'  data-slide_height=''  data-handle='av_slideshow_full'  data-interval='5'  data-class=' '  data-el_id=''  data-css_id=''  data-scroll_down=''  data-control_layout='av-control-default'  data-custom_markup=''  data-perma_caption=''  data-autoplay_stopper=''  data-image_attachment=''  data-min_height='0px'  data-lazy_loading='disabled'  data-src=''  data-position='top left'  data-repeat='no-repeat'  data-attach='scroll'  data-stretch=''  class='avia-slideshow avia-slideshow-1  av-control-default av-default-height-applied avia-slideshow-no scaling av_slideshow_full   avia-slide-slider '  itemprop=\"image\" itemscope=\"itemscope\" itemtype=\"https:\/\/schema.org\/ImageObject\" ><ul class='avia-slideshow-inner ' style='padding-bottom: 32.8125%;' ><li  class=' av-single-slide slide-1 ' ><div data-rel='slideshow-1' class='avia-slide-wrap '   ><img decoding=\"async\" class=\"wp-image-303 avia-img-lazy-loading-not-303\"  src=\"https:\/\/www.sebraepr.com.br\/compra-pr\/wp-content\/uploads\/Compra-Parana-Amplie-Conhecimentosjpg.jpg\" width=\"1920\" height=\"630\" title='Compra Paran\u00e1 Amplie Conhecimentosjpg' alt=''  itemprop=\"thumbnailUrl\" srcset=\"https:\/\/www.sebraepr.com.br\/compra-pr\/wp-content\/uploads\/Compra-Parana-Amplie-Conhecimentosjpg.jpg 1920w, https:\/\/www.sebraepr.com.br\/compra-pr\/wp-content\/uploads\/Compra-Parana-Amplie-Conhecimentosjpg-300x98.jpg 300w, https:\/\/www.sebraepr.com.br\/compra-pr\/wp-content\/uploads\/Compra-Parana-Amplie-Conhecimentosjpg-1030x338.jpg 1030w, https:\/\/www.sebraepr.com.br\/compra-pr\/wp-content\/uploads\/Compra-Parana-Amplie-Conhecimentosjpg-768x252.jpg 768w, https:\/\/www.sebraepr.com.br\/compra-pr\/wp-content\/uploads\/Compra-Parana-Amplie-Conhecimentosjpg-1536x504.jpg 1536w, https:\/\/www.sebraepr.com.br\/compra-pr\/wp-content\/uploads\/Compra-Parana-Amplie-Conhecimentosjpg-1500x492.jpg 1500w, https:\/\/www.sebraepr.com.br\/compra-pr\/wp-content\/uploads\/Compra-Parana-Amplie-Conhecimentosjpg-705x231.jpg 705w\" sizes=\"(max-width: 1920px) 100vw, 1920px\" \/><\/div><\/li><\/ul><\/div><\/div>\n<div id='av_section_1'  class='avia-section main_color avia-section-no-padding avia-no-border-styling  avia-bg-style-scroll  avia-builder-el-1  el_after_av_slideshow_full  el_before_av_postcontent   container_wrap fullsize' style='background-color: #20c5d4;  '  ><div class='av-section-color-overlay-wrap'><a href='#next-section' title='' class='scroll-down-link '  aria-hidden='true' data-av_icon='\ue877' data-av_iconfont='entypo-fontello'><\/a><div class='container' ><div class='template-page content  av-content-full alpha units'><div class='post-entry post-entry-type-page post-entry-299'><div class='entry-content-wrapper clearfix'>\n<div  style='height:50px' class='hr hr-invisible   avia-builder-el-2  el_before_av_one_full  avia-builder-el-first '><span class='hr-inner ' ><span class='hr-inner-style'><\/span><\/span><\/div>\n<div class=\"flex_column av_one_full  flex_column_div av-zero-column-padding first  avia-builder-el-3  el_after_av_hr  el_before_av_one_full  \" style='border-radius:0px; '><div  style='padding-bottom:10px; margin:10px 0 10px 0; color:#ffffff;' class='av-special-heading av-special-heading-h1 custom-color-heading blockquote modern-quote  avia-builder-el-4  avia-builder-el-no-sibling  '><h1 class='av-special-heading-tag '  itemprop=\"headline\"  >Materiais disponibilizados para download.<\/h1><div class='special-heading-border'><div class='special-heading-inner-border' style='border-color:#ffffff'><\/div><\/div><\/div><\/div><div class=\"flex_column av_one_full  flex_column_div av-zero-column-padding first  avia-builder-el-5  el_after_av_one_full  el_before_av_hr  column-top-margin\" style='border-radius:0px; '><section class=\"av_textblock_section \"  itemscope=\"itemscope\" itemtype=\"https:\/\/schema.org\/CreativeWork\" ><div class='avia_textblock  av_inherit_color '  style='color:#0a0a0a; '  itemprop=\"text\" ><p>Os materiais disponibilizados nesse espa\u00e7o re\u00fanem mais informa\u00e7\u00f5es sobre como voc\u00ea oua sua empresa podem desenvolver o ambiente de neg\u00f3cios da sua regi\u00e3o.<\/p>\n<p>S\u00e3o conte\u00fados que simplificam as informa\u00e7\u00f5es sobre Compras P\u00fablicas, sendo fonte de consulta para auxiliar fornecedores e compradores que atuam \u2013 ou querem atuar \u2013 nesta \u00e1rea. Fa\u00e7a o download e acompanhe!<\/p>\n<\/div><\/section><\/div><div  style='height:50px' class='hr hr-invisible   avia-builder-el-7  el_after_av_one_full  el_before_av_one_fourth '><span class='hr-inner ' ><span class='hr-inner-style'><\/span><\/span><\/div>\n<div class=\"flex_column av_one_fourth  flex_column_div av-zero-column-padding first  avia-builder-el-8  el_after_av_hr  el_before_av_one_fourth  \" style='border-radius:0px; '><\/div><div class=\"flex_column av_one_fourth  av-animated-generic bottom-to-top  flex_column_div av-zero-column-padding   avia-builder-el-9  el_after_av_one_fourth  el_before_av_one_fourth  \" style='border-radius:0px; '><div  class='avia-button-wrap avia-button-center  avia-builder-el-10  avia-builder-el-no-sibling ' ><a href='https:\/\/app2.pr.sebrae.com.br\/crm-portal\/#\/login?urlRetorno=http:\/\/extranet2.pr.sebrae.com.br\/portal\/arquivos-gratuitos\/Agricultura-familiar.pdf&tipoContabilizacao=106&linkUrlSec=&permCont=PF&dscUrlDestino=ArquivoGratuito&appOrigem=1&descAppOrigem=PortalInternet&urlDestinoArquivo=Agricultura-familiar.pdf' class='avia-button   avia-icon_select-yes-left-icon avia-size-x-large avia-position-center ' target=\"_blank\" rel=\"noopener noreferrer\" style='background-color:#ffffff; border-color:#ffffff; color:#20c5d4; '><span class='avia_button_icon avia_button_icon_left ' aria-hidden='true' data-av_icon='\ue82d' data-av_iconfont='entypo-fontello'><\/span><span class='avia_iconbox_title' >Agricultura Familiar<\/span><\/a><\/div><\/div><div class=\"flex_column av_one_fourth  av-animated-generic bottom-to-top  flex_column_div av-zero-column-padding   avia-builder-el-11  el_after_av_one_fourth  el_before_av_one_fourth  \" style='border-radius:0px; '><div  class='avia-button-wrap avia-button-center  avia-builder-el-12  avia-builder-el-no-sibling ' ><a href='https:\/\/app2.pr.sebrae.com.br\/crm-portal\/#\/login?urlRetorno=http:\/\/extranet2.pr.sebrae.com.br\/portal\/arquivos-gratuitos\/cartilha-do-fornecedor.pdf&tipoContabilizacao=106&linkUrlSec=&permCont=PF&dscUrlDestino=ArquivoGratuito&appOrigem=1&descAppOrigem=PortalInternet&urlDestinoArquivo=cartilha-do-fornecedor.pdf' class='avia-button   avia-icon_select-yes-left-icon avia-size-x-large avia-position-center ' target=\"_blank\" rel=\"noopener noreferrer\" style='background-color:#ffffff; border-color:#ffffff; color:#20c5d4; '><span class='avia_button_icon avia_button_icon_left ' aria-hidden='true' data-av_icon='\ue82d' data-av_iconfont='entypo-fontello'><\/span><span class='avia_iconbox_title' >Cartilha do Fornecedor<\/span><\/a><\/div><\/div><div class=\"flex_column av_one_fourth  flex_column_div av-zero-column-padding   avia-builder-el-13  el_after_av_one_fourth  el_before_av_one_fourth  \" style='border-radius:0px; '><\/div><div class=\"flex_column av_one_fourth  flex_column_div av-zero-column-padding first  avia-builder-el-14  el_after_av_one_fourth  el_before_av_one_fourth  column-top-margin\" style='border-radius:0px; '><\/div><div class=\"flex_column av_one_fourth  av-animated-generic bottom-to-top  flex_column_div av-zero-column-padding   avia-builder-el-15  el_after_av_one_fourth  el_before_av_one_fourth  column-top-margin\" style='border-radius:0px; '><div  class='avia-button-wrap avia-button-center  avia-builder-el-16  avia-builder-el-no-sibling ' ><a href='https:\/\/app2.pr.sebrae.com.br\/crm-portal\/#\/login?urlRetorno=http:\/\/extranet2.pr.sebrae.com.br\/portal\/arquivos-gratuitos\/manual-de-licitacoes.pdf&tipoContabilizacao=106&linkUrlSec=&permCont=PF&dscUrlDestino=ArquivoGratuito&appOrigem=1&descAppOrigem=PortalInternet&urlDestinoArquivo=manual-de-licitacoes.pdf' class='avia-button   avia-icon_select-yes-left-icon avia-size-x-large avia-position-center ' target=\"_blank\" rel=\"noopener noreferrer\" style='background-color:#ffffff; border-color:#ffffff; color:#20c5d4; '><span class='avia_button_icon avia_button_icon_left ' aria-hidden='true' data-av_icon='\ue82d' data-av_iconfont='entypo-fontello'><\/span><span class='avia_iconbox_title' >Manual de licita\u00e7\u00f5es<\/span><\/a><\/div><\/div><div class=\"flex_column av_one_fourth  av-animated-generic bottom-to-top  flex_column_div av-zero-column-padding   avia-builder-el-17  el_after_av_one_fourth  el_before_av_one_fourth  column-top-margin\" style='border-radius:0px; '><div  class='avia-button-wrap avia-button-center  avia-builder-el-18  avia-builder-el-no-sibling ' ><a href='https:\/\/app2.pr.sebrae.com.br\/crm-portal\/#\/login?urlRetorno=http:\/\/extranet2.pr.sebrae.com.br\/portal\/arquivos-gratuitos\/O-sebrae-pode-ser-seu-cliente.pdf&tipoContabilizacao=106&linkUrlSec=&permCont=PF&dscUrlDestino=ArquivoGratuito&appOrigem=1&descAppOrigem=PortalInternet&urlDestinoArquivo=O-sebrae-pode-ser-seu-cliente.pdf' class='avia-button   avia-icon_select-yes-left-icon avia-size-x-large avia-position-center ' target=\"_blank\" rel=\"noopener noreferrer\" style='background-color:#ffffff; border-color:#ffffff; color:#20c5d4; '><span class='avia_button_icon avia_button_icon_left ' aria-hidden='true' data-av_icon='\ue82d' data-av_iconfont='entypo-fontello'><\/span><span class='avia_iconbox_title' >O Sebrae pode ser seu cliente<\/span><\/a><\/div><\/div><div class=\"flex_column av_one_fourth  flex_column_div av-zero-column-padding   avia-builder-el-19  el_after_av_one_fourth  el_before_av_one_fourth  column-top-margin\" style='border-radius:0px; '><\/div><div class=\"flex_column av_one_fourth  flex_column_div av-zero-column-padding first  avia-builder-el-20  el_after_av_one_fourth  el_before_av_one_fourth  column-top-margin\" style='border-radius:0px; '><\/div><div class=\"flex_column av_one_fourth  av-animated-generic bottom-to-top  flex_column_div av-zero-column-padding   avia-builder-el-21  el_after_av_one_fourth  el_before_av_one_fourth  column-top-margin\" style='border-radius:0px; '><div  class='avia-button-wrap avia-button-center  avia-builder-el-22  avia-builder-el-no-sibling ' ><a href='https:\/\/app2.pr.sebrae.com.br\/crm-portal\/#\/login?urlRetorno=http:\/\/extranet2.pr.sebrae.com.br\/portal\/arquivos-gratuitos\/Pregao-presencial-e-eletronico.pdf&tipoContabilizacao=106&linkUrlSec=&permCont=PF&dscUrlDestino=ArquivoGratuito&appOrigem=1&descAppOrigem=PortalInternet&urlDestinoArquivo=Pregao-presencial-e-eletronico.pdf' class='avia-button   avia-icon_select-yes-left-icon avia-size-x-large avia-position-center ' target=\"_blank\" rel=\"noopener noreferrer\" style='background-color:#ffffff; border-color:#ffffff; color:#20c5d4; '><span class='avia_button_icon avia_button_icon_left ' aria-hidden='true' data-av_icon='\ue82d' data-av_iconfont='entypo-fontello'><\/span><span class='avia_iconbox_title' >Preg\u00e3o presencial e eletr\u00f4nico<\/span><\/a><\/div><\/div><div class=\"flex_column av_one_fourth  av-animated-generic bottom-to-top  flex_column_div av-zero-column-padding   avia-builder-el-23  el_after_av_one_fourth  el_before_av_one_fourth  column-top-margin\" style='border-radius:0px; '><div  class='avia-button-wrap avia-button-center  avia-builder-el-24  avia-builder-el-no-sibling ' ><a href='https:\/\/app2.pr.sebrae.com.br\/crm-portal\/#\/login?urlRetorno=http:\/\/extranet2.pr.sebrae.com.br\/portal\/arquivos-gratuitos\/Um-bom-negocio-para-sua-empresa.pdf&tipoContabilizacao=106&linkUrlSec=&permCont=PF&dscUrlDestino=ArquivoGratuito&appOrigem=1&descAppOrigem=PortalInternet&urlDestinoArquivo=Um-bom-negocio-para-sua-empresa.pdf' class='avia-button   avia-icon_select-yes-left-icon avia-size-x-large avia-position-center ' target=\"_blank\" rel=\"noopener noreferrer\" style='background-color:#ffffff; border-color:#ffffff; color:#20c5d4; '><span class='avia_button_icon avia_button_icon_left ' aria-hidden='true' data-av_icon='\ue82d' data-av_iconfont='entypo-fontello'><\/span><span class='avia_iconbox_title' >Um Bom Neg\u00f3cio para sua Empresa<\/span><\/a><\/div><\/div><div class=\"flex_column av_one_fourth  flex_column_div av-zero-column-padding   avia-builder-el-25  el_after_av_one_fourth  el_before_av_one_fourth  column-top-margin\" style='border-radius:0px; '><\/div><div class=\"flex_column av_one_fourth  flex_column_div av-zero-column-padding first  avia-builder-el-26  el_after_av_one_fourth  el_before_av_one_fourth  column-top-margin\" style='border-radius:0px; '><\/div><div class=\"flex_column av_one_fourth  av-animated-generic bottom-to-top  flex_column_div av-zero-column-padding   avia-builder-el-27  el_after_av_one_fourth  el_before_av_one_fourth  column-top-margin\" style='border-radius:0px; '><div  class='avia-button-wrap avia-button-center  avia-builder-el-28  avia-builder-el-no-sibling ' ><a href='https:\/\/app2.pr.sebrae.com.br\/crm-portal\/#\/login?urlRetorno=http:\/\/extranet2.pr.sebrae.com.br\/portal\/arquivos-gratuitos\/RDC-Regime-diferenciado.pdf&tipoContabilizacao=106&linkUrlSec=&permCont=PF&dscUrlDestino=ArquivoGratuito&appOrigem=1&descAppOrigem=PortalInternet&urlDestinoArquivo=RDC-Regime-diferenciado.pdf' class='avia-button   avia-icon_select-yes-left-icon avia-size-x-large avia-position-center ' target=\"_blank\" rel=\"noopener noreferrer\" style='background-color:#ffffff; border-color:#ffffff; color:#20c5d4; '><span class='avia_button_icon avia_button_icon_left ' aria-hidden='true' data-av_icon='\ue82d' data-av_iconfont='entypo-fontello'><\/span><span class='avia_iconbox_title' >Regime diferenciado<\/span><\/a><\/div><\/div><div class=\"flex_column av_one_fourth  flex_column_div av-zero-column-padding   avia-builder-el-29  el_after_av_one_fourth  el_before_av_one_fourth  column-top-margin\" style='border-radius:0px; '><\/div><div class=\"flex_column av_one_fourth  flex_column_div av-zero-column-padding   avia-builder-el-30  el_after_av_one_fourth  el_before_av_hr  column-top-margin\" style='border-radius:0px; '><\/div><div  style='height:50px' class='hr hr-invisible   avia-builder-el-31  el_after_av_one_fourth  el_before_av_one_full '><span class='hr-inner ' ><span class='hr-inner-style'><\/span><\/span><\/div>\n<\/div><\/div><\/div><!-- close content main div --><\/div><\/div><\/div><div id='av_section_2'  class='avia-section main_color avia-section-default avia-no-border-styling  avia-bg-style-scroll   container_wrap fullsize' style='background-color: #ffffff;  '  ><div class='container' ><div class='template-page content  av-content-full alpha units'><div class='post-entry post-entry-type-page post-entry-299'><div class='entry-content-wrapper clearfix'>\n<div  style='height:50px' class='hr hr-invisible  '><span class='hr-inner ' ><span class='hr-inner-style'><\/span><\/span><\/div>\n<div  style='padding-bottom:10px; margin:10px 0 10px 0; color:#032856;' class='av-special-heading av-special-heading-h1 custom-color-heading blockquote modern-quote  '><h1 class='av-special-heading-tag '  itemprop=\"headline\"  >Outras fontes<\/h1><div class='special-heading-border'><div class='special-heading-inner-border' style='border-color:#032856'><\/div><\/div><\/div>\n<section class=\"av_textblock_section \"  itemscope=\"itemscope\" itemtype=\"https:\/\/schema.org\/CreativeWork\" ><div class='avia_textblock  av_inherit_color '  style='color:#0a0a0a; '  itemprop=\"text\" ><p>Tamb\u00e9m indicamos aqui os principais sites com informa\u00e7\u00f5es pertinentes sobre o desenvolvimento do ambiente de neg\u00f3cios local.<\/p>\n<p>Acompanhe nossa sele\u00e7\u00e3o de links com conte\u00fados para consolidar conhecimentos sobre compras p\u00fablicas. Fontes confi\u00e1veis para que as empresas locais possam se tornar fornecedoras de \u00f3rg\u00e3os p\u00fablicos, e os compradores das entidades p\u00fablicas possam tirar suas d\u00favidas sobre os processos de compras.<\/p>\n<\/div><\/section>\n<div class='flex_column_table av-equal-height-column-flextable -flextable' ><div class=\"flex_column av_one_third  av-animated-generic bottom-to-top  flex_column_table_cell av-equal-height-column av-align-middle avia-link-column av-column-link avia-link-column-hover first  \" style='background: #ffffff; box-shadow: 0 0 10px 0 #c9c9c9; padding:20px; background-color:#ffffff; border-radius:10px; ' data-link-column-url=\"https:\/\/www.sebraepr.com.br\/loja?ordem=DATA_MAIS_PROXIMA&amp;regiao=1&amp;online=true\"  data-link-column-target=\"_blank\" ><a class=\"av-screen-reader-only\" href=\"https:\/\/www.sebraepr.com.br\/loja?ordem=DATA_MAIS_PROXIMA&amp;regiao=1&amp;online=true\" target=\"_blank\" rel=\"noopener\">Follow a manual added link<\/a><section class=\"av_textblock_section \"  itemscope=\"itemscope\" itemtype=\"https:\/\/schema.org\/CreativeWork\" ><div class='avia_textblock  av_inherit_color '  style='color:#032856; '  itemprop=\"text\" ><p style=\"text-align: center;\">Cursos EAD &#8211; Sebrae<\/p>\n<\/div><\/section><\/div><\/div><!--close column table wrapper. Autoclose: 1 --><div class='flex_column_table av-equal-height-column-flextable -flextable' ><div class='av-flex-placeholder'><\/div><div class=\"flex_column av_one_third  av-animated-generic bottom-to-top  flex_column_table_cell av-equal-height-column av-align-middle avia-link-column av-column-link avia-link-column-hover   \" style='background: #ffffff; box-shadow: 0 0 10px 0 #c9c9c9; padding:20px; background-color:#ffffff; border-radius:10px; ' data-link-column-url=\"https:\/\/www1.tce.pr.gov.br\/egp\/\"  data-link-column-target=\"_blank\" ><a class=\"av-screen-reader-only\" href=\"https:\/\/www1.tce.pr.gov.br\/egp\/\" target=\"_blank\" rel=\"noopener\">Follow a manual added link<\/a><section class=\"av_textblock_section \"  itemscope=\"itemscope\" itemtype=\"https:\/\/schema.org\/CreativeWork\" ><div class='avia_textblock  av_inherit_color '  style='color:#032856; '  itemprop=\"text\" ><p style=\"text-align: center;\">Escola de Gest\u00e3o P\u00fablica do TCE\/PR<\/p>\n<\/div><\/section><\/div><\/div><!--close column table wrapper. Autoclose: 1 --><div class='flex_column_table av-equal-height-column-flextable -flextable' ><div class='av-flex-placeholder'><\/div><div class=\"flex_column av_one_third  av-animated-generic bottom-to-top  flex_column_table_cell av-equal-height-column av-align-middle avia-link-column av-column-link avia-link-column-hover   \" style='background: #ffffff; box-shadow: 0 0 10px 0 #c9c9c9; padding:20px; background-color:#ffffff; border-radius:10px; ' data-link-column-url=\"http:\/\/www.administracao.pr.gov.br\/Compras\"  data-link-column-target=\"_blank\" ><a class=\"av-screen-reader-only\" href=\"http:\/\/www.administracao.pr.gov.br\/Compras\" target=\"_blank\" rel=\"noopener\">Follow a manual added link<\/a><section class=\"av_textblock_section \"  itemscope=\"itemscope\" itemtype=\"https:\/\/schema.org\/CreativeWork\" ><div class='avia_textblock  av_inherit_color '  style='color:#032856; '  itemprop=\"text\" ><p style=\"text-align: center;\">Licita\u00e7\u00f5es do Governo do Estado do Paran\u00e1<\/p>\n<\/div><\/section><\/div><\/div><!--close column table wrapper. Autoclose: 1 --><div class='flex_column_table av-equal-height-column-flextable -flextable' ><div class=\"flex_column av_one_third  av-animated-generic bottom-to-top  flex_column_table_cell av-equal-height-column av-align-middle avia-link-column av-column-link avia-link-column-hover first  \" style='background: #ffffff; box-shadow: 0 0 10px 0 #c9c9c9; padding:20px; background-color:#ffffff; border-radius:10px; ' data-link-column-url=\"http:\/\/www.transparencia.pr.gov.br\/\"  data-link-column-target=\"_blank\" ><a class=\"av-screen-reader-only\" href=\"http:\/\/www.transparencia.pr.gov.br\/\" target=\"_blank\" rel=\"noopener\">Follow a manual added link<\/a><section class=\"av_textblock_section \"  itemscope=\"itemscope\" itemtype=\"https:\/\/schema.org\/CreativeWork\" ><div class='avia_textblock  av_inherit_color '  style='color:#032856; '  itemprop=\"text\" ><p style=\"text-align: center;\">Portal de Transpar\u00eancia do Governo do Paran\u00e1<\/p>\n<\/div><\/section><\/div><\/div><!--close column table wrapper. Autoclose: 1 --><div class='flex_column_table av-equal-height-column-flextable -flextable' ><div class='av-flex-placeholder'><\/div><div class=\"flex_column av_one_third  av-animated-generic bottom-to-top  flex_column_table_cell av-equal-height-column av-align-middle avia-link-column av-column-link avia-link-column-hover   \" style='background: #ffffff; box-shadow: 0 0 10px 0 #c9c9c9; padding:20px; background-color:#ffffff; border-radius:10px; ' data-link-column-url=\"https:\/\/portal.tcu.gov.br\/inicio\/\"  data-link-column-target=\"_blank\" ><a class=\"av-screen-reader-only\" href=\"https:\/\/portal.tcu.gov.br\/inicio\/\" target=\"_blank\" rel=\"noopener\">Follow a manual added link<\/a><section class=\"av_textblock_section \"  itemscope=\"itemscope\" itemtype=\"https:\/\/schema.org\/CreativeWork\" ><div class='avia_textblock  av_inherit_color '  style='color:#032856; '  itemprop=\"text\" ><p style=\"text-align: center;\">Portal do TCU &#8211; Tribunal de Contas da Uni\u00e3o<\/p>\n<\/div><\/section><\/div><\/div><!--close column table wrapper. Autoclose: 1 --><div class='flex_column_table av-equal-height-column-flextable -flextable' ><div class='av-flex-placeholder'><\/div><div class=\"flex_column av_one_third  av-animated-generic bottom-to-top  flex_column_table_cell av-equal-height-column av-align-middle avia-link-column av-column-link avia-link-column-hover   \" style='background: #ffffff; box-shadow: 0 0 10px 0 #c9c9c9; padding:20px; background-color:#ffffff; border-radius:10px; ' data-link-column-url=\"https:\/\/osbrasil.org.br\/\"  data-link-column-target=\"_blank\" ><a class=\"av-screen-reader-only\" href=\"https:\/\/osbrasil.org.br\/\" target=\"_blank\" rel=\"noopener\">Follow a manual added link<\/a><section class=\"av_textblock_section \"  itemscope=\"itemscope\" itemtype=\"https:\/\/schema.org\/CreativeWork\" ><div class='avia_textblock  av_inherit_color '  style='color:#032856; '  itemprop=\"text\" ><p style=\"text-align: center;\">Observat\u00f3rio Social do Brasil<\/p>\n<\/div><\/section><\/div><\/div><!--close column table wrapper. Autoclose: 1 --><div class='flex_column_table av-equal-height-column-flextable -flextable' ><div class=\"flex_column av_one_third  av-animated-generic bottom-to-top  flex_column_table_cell av-equal-height-column av-align-middle avia-link-column av-column-link avia-link-column-hover first  \" style='background: #ffffff; box-shadow: 0 0 10px 0 #c9c9c9; padding:20px; background-color:#ffffff; border-radius:10px; ' data-link-column-url=\"https:\/\/www.gov.br\/compras\/pt-br\/assuntos\/rede\"  data-link-column-target=\"_blank\" ><a class=\"av-screen-reader-only\" href=\"https:\/\/www.gov.br\/compras\/pt-br\/assuntos\/rede\" target=\"_blank\" rel=\"noopener\">Follow a manual added link<\/a><section class=\"av_textblock_section \"  itemscope=\"itemscope\" itemtype=\"https:\/\/schema.org\/CreativeWork\" ><div class='avia_textblock  av_inherit_color '  style='color:#032856; '  itemprop=\"text\" ><p style=\"text-align: center;\">Rede Nacional de Compras P\u00fablicas<\/p>\n<\/div><\/section><\/div><\/div><!--close column table wrapper. Autoclose: 1 --><div class='flex_column_table av-equal-height-column-flextable -flextable' ><div class='av-flex-placeholder'><\/div><div class=\"flex_column av_one_third  av-animated-generic bottom-to-top  flex_column_table_cell av-equal-height-column av-align-middle avia-link-column av-column-link avia-link-column-hover   \" style='background: #ffffff; box-shadow: 0 0 10px 0 #c9c9c9; padding:20px; background-color:#ffffff; border-radius:10px; ' data-link-column-url=\"https:\/\/www.gov.br\/compras\"  data-link-column-target=\"_blank\" ><a class=\"av-screen-reader-only\" href=\"https:\/\/www.gov.br\/compras\" target=\"_blank\" rel=\"noopener\">Follow a manual added link<\/a><section class=\"av_textblock_section \"  itemscope=\"itemscope\" itemtype=\"https:\/\/schema.org\/CreativeWork\" ><div class='avia_textblock  av_inherit_color '  style='color:#032856; '  itemprop=\"text\" ><p style=\"text-align: center;\">Portal de Compras Governamentais &#8211; Governo Federal<\/p>\n<\/div><\/section><\/div><\/div><!--close column table wrapper. Autoclose: 1 --><div class='flex_column_table av-equal-height-column-flextable -flextable' ><div class='av-flex-placeholder'><\/div><div class=\"flex_column av_one_third  av-animated-generic bottom-to-top  flex_column_table_cell av-equal-height-column av-align-middle avia-link-column av-column-link avia-link-column-hover   \" style='background: #ffffff; box-shadow: 0 0 10px 0 #c9c9c9; padding:20px; background-color:#ffffff; border-radius:10px; ' data-link-column-url=\"http:\/\/paineldecompras.economia.gov.br\/\"  data-link-column-target=\"_blank\" ><a class=\"av-screen-reader-only\" href=\"http:\/\/paineldecompras.economia.gov.br\/\" target=\"_blank\" rel=\"noopener\">Follow a manual added link<\/a><section class=\"av_textblock_section \"  itemscope=\"itemscope\" itemtype=\"https:\/\/schema.org\/CreativeWork\" ><div class='avia_textblock  av_inherit_color '  style='color:#032856; '  itemprop=\"text\" ><p style=\"text-align: center;\">Painel de Compras Governamentais &#8211; Governo Federal<\/p>\n<\/div><\/section><\/div><\/div><!--close column table wrapper. Autoclose: 1 --><div class='flex_column_table av-equal-height-column-flextable -flextable' ><div class=\"flex_column av_one_third  av-animated-generic bottom-to-top  flex_column_table_cell av-equal-height-column av-align-middle avia-link-column av-column-link avia-link-column-hover first  \" style='background: #ffffff; box-shadow: 0 0 10px 0 #c9c9c9; padding:20px; background-color:#ffffff; border-radius:10px; ' data-link-column-url=\"https:\/\/www1.tce.pr.gov.br\/\"  data-link-column-target=\"_blank\" ><a class=\"av-screen-reader-only\" href=\"https:\/\/www1.tce.pr.gov.br\/\" target=\"_blank\" rel=\"noopener\">Follow a manual added link<\/a><section class=\"av_textblock_section \"  itemscope=\"itemscope\" itemtype=\"https:\/\/schema.org\/CreativeWork\" ><div class='avia_textblock  av_inherit_color '  style='color:#032856; '  itemprop=\"text\" ><p style=\"text-align: center;\">Tribunal de Contas do Paran\u00e1<\/p>\n<\/div><\/section><\/div><\/div><!--close column table wrapper. Autoclose: 1 --><div class='flex_column_table av-equal-height-column-flextable -flextable' ><div class='av-flex-placeholder'><\/div><div class=\"flex_column av_one_third  av-animated-generic bottom-to-top  flex_column_table_cell av-equal-height-column av-align-middle avia-link-column av-column-link avia-link-column-hover   \" style='background: #ffffff; box-shadow: 0 0 10px 0 #c9c9c9; padding:20px; background-color:#ffffff; border-radius:10px; ' data-link-column-url=\"https:\/\/www.camara.leg.br\/\"  data-link-column-target=\"_blank\" ><a class=\"av-screen-reader-only\" href=\"https:\/\/www.camara.leg.br\/\" target=\"_blank\" rel=\"noopener\">Follow a manual added link<\/a><section class=\"av_textblock_section \"  itemscope=\"itemscope\" itemtype=\"https:\/\/schema.org\/CreativeWork\" ><div class='avia_textblock  av_inherit_color '  style='color:#032856; '  itemprop=\"text\" ><p style=\"text-align: center;\">C\u00e2mara Federal dos Deputados<\/p>\n<\/div><\/section><\/div><\/div><!--close column table wrapper. Autoclose: 1 --><div class='flex_column_table av-equal-height-column-flextable -flextable' ><div class='av-flex-placeholder'><\/div><div class=\"flex_column av_one_third  av-animated-generic bottom-to-top  flex_column_table_cell av-equal-height-column av-align-middle avia-link-column av-column-link avia-link-column-hover   \" style='background: #ffffff; box-shadow: 0 0 10px 0 #c9c9c9; padding:20px; background-color:#ffffff; border-radius:10px; ' data-link-column-url=\"https:\/\/escolavirtualdecidadania.camara.leg.br\/site\/\"  data-link-column-target=\"_blank\" ><a class=\"av-screen-reader-only\" href=\"https:\/\/escolavirtualdecidadania.camara.leg.br\/site\/\" target=\"_blank\" rel=\"noopener\">Follow a manual added link<\/a><section class=\"av_textblock_section \"  itemscope=\"itemscope\" itemtype=\"https:\/\/schema.org\/CreativeWork\" ><div class='avia_textblock  av_inherit_color '  style='color:#032856; '  itemprop=\"text\" ><p style=\"text-align: center;\">Escola Virtual da Cidadania &#8211; C\u00e2mara Federal dos Deputados<\/p>\n<\/div><\/section><\/div><\/div><!--close column table wrapper. Autoclose: 1 --><div class='flex_column_table av-equal-height-column-flextable -flextable' ><div class=\"flex_column av_one_third  av-animated-generic bottom-to-top  flex_column_table_cell av-equal-height-column av-align-middle avia-link-column av-column-link avia-link-column-hover first  \" style='background: #ffffff; box-shadow: 0 0 10px 0 #c9c9c9; padding:20px; background-color:#ffffff; border-radius:10px; ' data-link-column-url=\"https:\/\/www.enap.gov.br\/pt\/cursos\"  data-link-column-target=\"_blank\" ><a class=\"av-screen-reader-only\" href=\"https:\/\/www.enap.gov.br\/pt\/cursos\" target=\"_blank\" rel=\"noopener\">Follow a manual added link<\/a><section class=\"av_textblock_section \"  itemscope=\"itemscope\" itemtype=\"https:\/\/schema.org\/CreativeWork\" ><div class='avia_textblock  av_inherit_color '  style='color:#032856; '  itemprop=\"text\" ><p style=\"text-align: center;\">ENAP &#8211; Escola Nacional de Administra\u00e7\u00e3o P\u00fablica<\/p>\n<\/div><\/section><\/div><\/div><!--close column table wrapper. Autoclose: 1 --><div class='flex_column_table av-equal-height-column-flextable -flextable' ><div class='av-flex-placeholder'><\/div><div class=\"flex_column av_one_third  flex_column_table_cell av-equal-height-column av-align-middle av-zero-column-padding   \" style='border-radius:0px; '><\/div><\/div><!--close column table wrapper. Autoclose: 1 --><div class='flex_column_table av-equal-height-column-flextable -flextable' ><div class='av-flex-placeholder'><\/div><div class=\"flex_column av_one_third  flex_column_table_cell av-equal-height-column av-align-middle av-zero-column-padding   \" style='border-radius:0px; '><\/div><\/div><!--close column table wrapper. Autoclose: 1 --><div  style='height:50px' class='hr hr-invisible  '><span class='hr-inner ' ><span class='hr-inner-style'><\/span><\/span><\/div>\n<\/p>\n","protected":false},"excerpt":{"rendered":"","protected":false},"author":2,"featured_media":0,"parent":0,"menu_order":0,"comment_status":"closed","ping_status":"closed","template":"","meta":{"footnotes":""},"class_list":["post-299","page","type-page","status-publish","hentry"],"_links":{"self":[{"href":"https:\/\/www.sebraepr.com.br\/compra-pr\/wp-json\/wp\/v2\/pages\/299"}],"collection":[{"href":"https:\/\/www.sebraepr.com.br\/compra-pr\/wp-json\/wp\/v2\/pages"}],"about":[{"href":"https:\/\/www.sebraepr.com.br\/compra-pr\/wp-json\/wp\/v2\/types\/page"}],"author":[{"embeddable":true,"href":"https:\/\/www.sebraepr.com.br\/compra-pr\/wp-json\/wp\/v2\/users\/2"}],"replies":[{"embeddable":true,"href":"https:\/\/www.sebraepr.com.br\/compra-pr\/wp-json\/wp\/v2\/comments?post=299"}],"version-history":[{"count":32,"href":"https:\/\/www.sebraepr.com.br\/compra-pr\/wp-json\/wp\/v2\/pages\/299\/revisions"}],"predecessor-version":[{"id":428,"href":"https:\/\/www.sebraepr.com.br\/compra-pr\/wp-json\/wp\/v2\/pages\/299\/revisions\/428"}],"wp:attachment":[{"href":"https:\/\/www.sebraepr.com.br\/compra-pr\/wp-json\/wp\/v2\/media?parent=299"}],"curies":[{"name":"wp","href":"https:\/\/api.w.org\/{rel}","templated":true}]}}