{"id":268,"date":"2020-12-03T09:53:36","date_gmt":"2020-12-03T12:53:36","guid":{"rendered":"https:\/\/www.sebraepr.com.br\/compra-pr\/?page_id=268"},"modified":"2021-02-22T14:21:53","modified_gmt":"2021-02-22T17:21:53","slug":"casos-de-sucesso","status":"publish","type":"page","link":"https:\/\/www.sebraepr.com.br\/compra-pr\/casos-de-sucesso\/","title":{"rendered":"Casos de Sucesso"},"content":{"rendered":"<div id='full_slider_1'  class='avia-fullwidth-slider main_color avia-shadow   avia-builder-el-0  el_before_av_section  avia-builder-el-first   container_wrap fullsize' style=' '  ><div   data-size='no scaling'  data-lightbox_size='large'  data-animation='slide'  data-conditional_play=''  data-ids='271'  data-video_counter='0'  data-autoplay='false'  data-bg_slider='false'  data-slide_height=''  data-handle='av_slideshow_full'  data-interval='5'  data-class=' '  data-el_id=''  data-css_id=''  data-scroll_down=''  data-control_layout='av-control-default'  data-custom_markup=''  data-perma_caption=''  data-autoplay_stopper=''  data-image_attachment=''  data-min_height='0px'  data-lazy_loading='disabled'  data-src=''  data-position='top left'  data-repeat='no-repeat'  data-attach='scroll'  data-stretch=''  class='avia-slideshow avia-slideshow-1  av-control-default av-default-height-applied avia-slideshow-no scaling av_slideshow_full   avia-slide-slider '  itemprop=\"image\" itemscope=\"itemscope\" itemtype=\"https:\/\/schema.org\/ImageObject\" ><ul class='avia-slideshow-inner ' style='padding-bottom: 32.8125%;' ><li  class=' av-single-slide slide-1 ' ><div data-rel='slideshow-1' class='avia-slide-wrap '   ><img decoding=\"async\" class=\"wp-image-271 avia-img-lazy-loading-not-271\"  src=\"https:\/\/www.sebraepr.com.br\/compra-pr\/wp-content\/uploads\/Compra-Parana-Casos-de-Sucesso.jpg\" width=\"1920\" height=\"630\" title='Compra Paran\u00e1 Casos de Sucesso' alt=''  itemprop=\"thumbnailUrl\" srcset=\"https:\/\/www.sebraepr.com.br\/compra-pr\/wp-content\/uploads\/Compra-Parana-Casos-de-Sucesso.jpg 1920w, https:\/\/www.sebraepr.com.br\/compra-pr\/wp-content\/uploads\/Compra-Parana-Casos-de-Sucesso-300x98.jpg 300w, https:\/\/www.sebraepr.com.br\/compra-pr\/wp-content\/uploads\/Compra-Parana-Casos-de-Sucesso-1030x338.jpg 1030w, https:\/\/www.sebraepr.com.br\/compra-pr\/wp-content\/uploads\/Compra-Parana-Casos-de-Sucesso-768x252.jpg 768w, https:\/\/www.sebraepr.com.br\/compra-pr\/wp-content\/uploads\/Compra-Parana-Casos-de-Sucesso-1536x504.jpg 1536w, https:\/\/www.sebraepr.com.br\/compra-pr\/wp-content\/uploads\/Compra-Parana-Casos-de-Sucesso-1500x492.jpg 1500w, https:\/\/www.sebraepr.com.br\/compra-pr\/wp-content\/uploads\/Compra-Parana-Casos-de-Sucesso-705x231.jpg 705w\" sizes=\"(max-width: 1920px) 100vw, 1920px\" \/><\/div><\/li><\/ul><\/div><\/div>\n<div id='av_section_1'  class='avia-section main_color avia-section-no-padding avia-no-border-styling  avia-bg-style-scroll  avia-builder-el-1  el_after_av_slideshow_full  avia-builder-el-last   container_wrap fullsize' style='background-color: #20c5d4; background-repeat: no-repeat; background-image: url(https:\/\/www.sebraepr.com.br\/compra-pr\/wp-content\/uploads\/Fundo-2-cores-2.png);background-attachment: scroll; background-position: top center;  '  data-section-bg-repeat='no-repeat'><div class='container' ><div class='template-page content  av-content-full alpha units'><div class='post-entry post-entry-type-page post-entry-268'><div class='entry-content-wrapper clearfix'>\n<div  style='height:50px' class='hr hr-invisible   avia-builder-el-2  el_before_av_one_full  avia-builder-el-first '><span class='hr-inner ' ><span class='hr-inner-style'><\/span><\/span><\/div>\n<div class=\"flex_column av_one_full  flex_column_div av-zero-column-padding first  avia-builder-el-3  el_after_av_hr  el_before_av_two_third  \" style='border-radius:0px; '><div  style='padding-bottom:10px; margin:10px 0 10px 0; color:#20c5d4;' class='av-special-heading av-special-heading-h1 custom-color-heading blockquote modern-quote  avia-builder-el-4  avia-builder-el-no-sibling  '><h1 class='av-special-heading-tag '  itemprop=\"headline\"  >A efici\u00eancia de nossos projetos voc\u00ea pode conferir na pr\u00e1tica.<\/h1><div class='special-heading-border'><div class='special-heading-inner-border' style='border-color:#20c5d4'><\/div><\/div><\/div><\/div><div class=\"flex_column av_two_third  flex_column_div av-zero-column-padding first  avia-builder-el-5  el_after_av_one_full  el_before_av_one_third  column-top-margin\" style='border-radius:0px; '><section class=\"av_textblock_section \"  itemscope=\"itemscope\" itemtype=\"https:\/\/schema.org\/CreativeWork\" ><div class='avia_textblock  '   itemprop=\"text\" ><p>Inspire-se em exemplos de neg\u00f3cio j\u00e1 executados para impulsionar o crescimento e realizar parcerias de sucesso.<\/p>\n<\/div><\/section><\/div><div class=\"flex_column av_one_third  flex_column_div av-zero-column-padding   avia-builder-el-7  el_after_av_two_third  el_before_av_four_fifth  column-top-margin\" style='border-radius:0px; '><\/div><div class='flex_column_table av-equal-height-column-flextable -flextable' ><div class=\"flex_column av_four_fifth  av-animated-generic left-to-right  flex_column_table_cell av-equal-height-column av-align-top avia-link-column av-column-link first  avia-builder-el-8  el_after_av_one_third  el_before_av_one_fifth  column-top-margin\" style='background: rgba(255,255,255,0.95); box-shadow: 0 0 10px 0 #c1c1c1; padding:20px 40px 20px 40px ; background-color:rgba(255,255,255,0.95); border-radius:20px; ' data-link-column-url=\"#teste\" ><a class=\"av-screen-reader-only\" href=#teste  title=\"Regi\u00e3o Centro\">Follow a manual added link<\/a><section class=\"av_textblock_section \"  itemscope=\"itemscope\" itemtype=\"https:\/\/schema.org\/CreativeWork\" ><div class='avia_textblock  '   itemprop=\"text\" ><div style=\"float: left; width: 30%;\"><img decoding=\"async\" class=\"\" src=\"https:\/\/www.sebraepr.com.br\/compra-pr\/wp-content\/uploads\/Claudnilson.png\" width=\"250\"  \/><\/div>\n<div style=\"float: right&gt;&lt;p&gt;;\">\n<p style=\"text-align: right;\"><strong>Claudnilson Gon\u00e7alves Daniel<\/strong><\/p>\n<p><strong>Empresa:<\/strong> Daniel Dias Uniformes<\/p>\n<p><strong>Atua\u00e7\u00e3o:<\/strong> A empresa foi criada em 2016, como uma pequena ind\u00fastria de confec\u00e7\u00f5es e uniformes, ao longo do tempo foi crescendo e se aperfei\u00e7oando na cria\u00e7\u00e3o de uniformes e demais produtos.<\/p>\n<p><strong>Cidade<\/strong>: Londrina \u2013 PR<\/p>\n<p><strong>Regional<\/strong>: Norte<\/div>\n<div style=\"clear: both;\"><\/div>\n<\/div><\/section><\/div><div class='av-flex-placeholder'><\/div><div class=\"flex_column av_one_fifth  flex_column_table_cell av-equal-height-column av-align-top av-zero-column-padding   avia-builder-el-10  el_after_av_four_fifth  el_before_av_one_fifth  column-top-margin\" style='border-radius:0px; '><\/div><\/div><!--close column table wrapper. Autoclose: 1 --><div class=\"flex_column av_one_fifth  flex_column_div av-zero-column-padding first  avia-builder-el-11  el_after_av_one_fifth  el_before_av_four_fifth  column-top-margin\" style='border-radius:0px; '><\/div><div class=\"flex_column av_four_fifth  av-animated-generic right-to-left  flex_column_div avia-link-column av-column-link   avia-builder-el-12  el_after_av_one_fifth  el_before_av_four_fifth  column-top-margin\" style='background: rgba(255,255,255,0.95); box-shadow: 0 0 10px 0 #c1c1c1; padding:20px 40px 20px 40px ; background-color:rgba(255,255,255,0.95); border-radius:20px; ' data-link-column-url=\"#teste\" ><a class=\"av-screen-reader-only\" href=#teste  title=\"Regi\u00e3o Centro\">Follow a manual added link<\/a><section class=\"av_textblock_section \"  itemscope=\"itemscope\" itemtype=\"https:\/\/schema.org\/CreativeWork\" ><div class='avia_textblock  '   itemprop=\"text\" ><div style=\"float: left>&#8220;A empresa ap\u00f3s participar em 2018 de um evento sobre Compras P\u00fablicas do SEBRAE em Bras\u00edlia, com o conhecimento passou a participar de licita\u00e7\u00f5es na cidade de Santo Antonio do Sudoeste e toda regi\u00e3o, aumentando faturamento com vendas para o setor p\u00fablico e fomentando toda a economia local, porque o dinheiro da cidade fica na cidade e n\u00e3o vai para outras.&#8221;<\/p>\n<p style=\"text-align: right;\"><strong>Marizete Marsango<\/strong><\/p>\n<p><strong>Empresa:<\/strong> Marsango Materiais de Constru\u00e7\u00e3o Ltda<\/p>\n<p><strong>Atua\u00e7\u00e3o:<\/strong> A empresa foi criada em setembro 2000, por Jackson Marsango e sua irm\u00e3, o Jackson era professor e sua irm\u00e3 engenheira Civil, logo no in\u00edcio a irm\u00e3 quis sair da sociedade, foi ai que entrou a esposa Marizete, com uma loja de 25 m2, e realizando entregas ap\u00f3s as 17 horas com um caminh\u00e3o boiadeiro emprestado, atualmente a loja possui 370 m2 e est\u00e3o ampliando mais 1000 m2.<\/p>\n<p><strong>Cidade<\/strong>: Santo Antonio do Sudoeste<\/p>\n<p><strong>Regional<\/strong>: Sul<\/div>\n<div style=\"float: right; width: 30%;\"><img decoding=\"async\" src=\"https:\/\/www.sebraepr.com.br\/compra-pr\/wp-content\/uploads\/Marizete.png\" alt=\"\" width=\"250\" \/><\/div>\n<div style=\"clear: both;\"><\/div>\n<\/div><\/section><\/div><div class='flex_column_table av-equal-height-column-flextable -flextable' ><div class=\"flex_column av_four_fifth  av-animated-generic left-to-right  flex_column_table_cell av-equal-height-column av-align-top avia-link-column av-column-link first  avia-builder-el-14  el_after_av_four_fifth  el_before_av_one_fifth  \" style='background: rgba(255,255,255,0.95); box-shadow: 0 0 10px 0 #c1c1c1; padding:20px 40px 20px 40px ; background-color:rgba(255,255,255,0.95); border-radius:20px; ' data-link-column-url=\"#teste\" ><a class=\"av-screen-reader-only\" href=#teste  title=\"Regi\u00e3o Centro\">Follow a manual added link<\/a><section class=\"av_textblock_section \"  itemscope=\"itemscope\" itemtype=\"https:\/\/schema.org\/CreativeWork\" ><div class='avia_textblock  '   itemprop=\"text\" ><div style=\"float: left; width: 30%;\"><img decoding=\"async\" src=\"https:\/\/www.sebraepr.com.br\/compra-pr\/wp-content\/uploads\/Fernando.png\" alt=\"\" width=\"250\" \/><\/div>\n<div style=\"float: right; width: 70%;\">\n<p>&#8220;A empresa tem participado de v\u00e1rias licita\u00e7\u00f5es, ganhando umas perdendo outras, por\u00e9m sempre aprendendo, al\u00e9m da import\u00e2ncia e do renome em atender os \u00f3rg\u00e3os p\u00fablicos, valoriza o fomento da economia na regi\u00e3o, porque o dinheiro da cidade fica na cidade e n\u00e3o vai para outras cidades.&#8221;<\/p>\n<p style=\"text-align: right;\"><strong>Fernando da Silva Alves<\/strong><\/p>\n<p><strong>Empresa:<\/strong> Eletro Ville Materiais El\u00e9tricos Ltda<\/p>\n<p><strong>Atua\u00e7\u00e3o:<\/strong> A empresa foi criada em setembro de 1993, por Marcio e Marcos Garcia, rec\u00e9m-formados em Engenharia, fornecendo servi\u00e7os e materiais el\u00e9tricos e sempre primando pela excel\u00eancia e qualidade de seus produtos e atendimentos. A empresa est\u00e1 em atividade h\u00e1 mais de duas d\u00e9cadas prestando bons servi\u00e7os.<\/p>\n<p><strong>Cidade<\/strong>: Londrina<\/p>\n<p><strong>Regional<\/strong>: Norte<\/div>\n<div style=\"clear: both;\"><\/div>\n<\/div><\/section><\/div><div class='av-flex-placeholder'><\/div><div class=\"flex_column av_one_fifth  flex_column_table_cell av-equal-height-column av-align-top av-zero-column-padding   avia-builder-el-16  el_after_av_four_fifth  el_before_av_one_fifth  \" style='border-radius:0px; '><\/div><\/div><!--close column table wrapper. Autoclose: 1 --><div class=\"flex_column av_one_fifth  flex_column_div av-zero-column-padding first  avia-builder-el-17  el_after_av_one_fifth  el_before_av_four_fifth  column-top-margin\" style='border-radius:0px; '><\/div><div class=\"flex_column av_four_fifth  av-animated-generic right-to-left  flex_column_div avia-link-column av-column-link   avia-builder-el-18  el_after_av_one_fifth  el_before_av_four_fifth  column-top-margin\" style='background: rgba(255,255,255,0.95); box-shadow: 0 0 10px 0 #c1c1c1; padding:20px 40px 20px 40px ; background-color:rgba(255,255,255,0.95); border-radius:20px; ' data-link-column-url=\"#teste\" ><a class=\"av-screen-reader-only\" href=#teste  title=\"Regi\u00e3o Centro\">Follow a manual added link<\/a><section class=\"av_textblock_section \"  itemscope=\"itemscope\" itemtype=\"https:\/\/schema.org\/CreativeWork\" ><div class='avia_textblock  '   itemprop=\"text\" ><p><img loading=\"lazy\" decoding=\"async\" class=\" wp-image-575 alignright\" src=\"https:\/\/www.sebraepr.com.br\/compra-pr\/wp-content\/uploads\/Patricia-287x300.png\" alt=\"\" width=\"251\" height=\"262\" srcset=\"https:\/\/www.sebraepr.com.br\/compra-pr\/wp-content\/uploads\/Patricia-287x300.png 287w, https:\/\/www.sebraepr.com.br\/compra-pr\/wp-content\/uploads\/Patricia.png 289w\" sizes=\"(max-width: 251px) 100vw, 251px\" \/>&#8220;Quando entrei para o mundo das licita\u00e7\u00f5es, n\u00e3o tinha no\u00e7\u00e3o de qu\u00e3o complexo seria. Estava cansada de ser prejudicada na hora de licitar, por falta de conhecimento, por falta de saber diferenciar e interpretarmos editais, era uma grande dificuldade. Foi ent\u00e3o que procurei o SEBRAE e a Sala do Empreendedor, que me ajudaram muito nessa quest\u00e3o, com o tempo e com a ajuda certa tenho obtido sucesso nos preg\u00f5es e tamb\u00e9m muito conhecimento.&#8221;<\/p>\n<p style=\"text-align: right;\"><strong>Patricia L. Distar <\/strong><\/p>\n<p><strong>Empresa:<\/strong> Fant\u00e1stica Play<\/p>\n<p><strong>Atua\u00e7\u00e3o:<\/strong> A Fant\u00e1stica Play atua no segmento de playgrounds desde 2015, onde come\u00e7ou vendendo playgrounds de v\u00e1rias marcas e em 2020, viu a oportunidade e o momento para se tornar f\u00e1brica, atendendo \u00e0 demanda de escolas que queriam estar preparadas para quando as aulas voltassem, condom\u00ednios querendo proporcionar divers\u00e3o para as crian\u00e7as que n\u00e3o podiam sair e principalmente resid\u00eancias, com pais preocupados com o brincar dos filhos.<\/p>\n<p><strong>Cidade<\/strong>: Ponta Grossa &#8211; PR<\/p>\n<p><strong>Regional: <\/strong>Centro<\/p>\n<\/div><\/section><\/div><div class='flex_column_table av-equal-height-column-flextable -flextable' ><div class=\"flex_column av_four_fifth  av-animated-generic left-to-right  flex_column_table_cell av-equal-height-column av-align-top avia-link-column av-column-link first  avia-builder-el-20  el_after_av_four_fifth  el_before_av_one_fifth  \" style='background: rgba(255,255,255,0.95); box-shadow: 0 0 10px 0 #c1c1c1; padding:20px 40px 20px 40px ; background-color:rgba(255,255,255,0.95); border-radius:20px; ' data-link-column-url=\"#teste\" ><a class=\"av-screen-reader-only\" href=#teste  title=\"Regi\u00e3o Centro\">Follow a manual added link<\/a><section class=\"av_textblock_section \"  itemscope=\"itemscope\" itemtype=\"https:\/\/schema.org\/CreativeWork\" ><div class='avia_textblock  '   itemprop=\"text\" ><div style=\"float: left; width: 30%;\"><img decoding=\"async\" src=\"https:\/\/www.sebraepr.com.br\/compra-pr\/wp-content\/uploads\/Maicon.png\" alt=\"\" width=\"250\" \/><\/div>\n<div style=\"float: right>&#8220;A experi\u00eancia que tivemos com licita\u00e7\u00f5es, seguindo orienta\u00e7\u00f5es do SEBRAE, conseguimos ganhar certames para o sistema S na cidade de Londrina e tamb\u00e9m na Prefeitura, isto tem dado muita experi\u00eancia e traz credibilidade e confian\u00e7a para nossos clientes, pois quem atende \u00f3rg\u00e3os p\u00fablicos, tem tudo certinho. Temos tido um bom refor\u00e7o de caixa e tem constru\u00eddo para o crescimento da nossa empresa&#8221;.<\/p>\n<p style=\"text-align: right;\"><strong>Maicon Aranda Duin<\/strong><\/p>\n<p><strong>Empresa<\/strong>: Mad Chaveiro<\/p>\n<p><strong>Atua\u00e7\u00e3o<\/strong>: A empresa foi fundada em 1999, pelo Maicon e seu irm\u00e3o, iniciaram as atividades em um quiosque e com o passar do tempo, trabalhando com qualidade e bom atendimento, conseguiram crescer e atualmente possuem 4 colaboradores e ainda possuem um ponto fixo em uma sala comercial, atendendo muitas empresas e entidades.<\/p>\n<p><strong>Cidade<\/strong>: Londrina<\/p>\n<p><strong>Regional<\/strong>: Norte<\/div>\n<div style=\"clear: both;\"><\/div>\n<\/div><\/section><\/div><div class='av-flex-placeholder'><\/div><div class=\"flex_column av_one_fifth  flex_column_table_cell av-equal-height-column av-align-top av-zero-column-padding   avia-builder-el-22  el_after_av_four_fifth  el_before_av_hr  \" style='border-radius:0px; '><\/div><\/div><!--close column table wrapper. Autoclose: 1 --><div  style='height:50px' class='hr hr-invisible   avia-builder-el-23  el_after_av_one_fifth  el_before_av_hr '><span class='hr-inner ' ><span class='hr-inner-style'><\/span><\/span><\/div>\n<div  style='height:50px' class='hr hr-invisible   avia-builder-el-24  el_after_av_hr  avia-builder-el-last '><span class='hr-inner ' ><span class='hr-inner-style'><\/span><\/span><\/div>\n\n","protected":false},"excerpt":{"rendered":"","protected":false},"author":2,"featured_media":0,"parent":0,"menu_order":0,"comment_status":"closed","ping_status":"closed","template":"","meta":{"footnotes":""},"class_list":["post-268","page","type-page","status-publish","hentry"],"_links":{"self":[{"href":"https:\/\/www.sebraepr.com.br\/compra-pr\/wp-json\/wp\/v2\/pages\/268"}],"collection":[{"href":"https:\/\/www.sebraepr.com.br\/compra-pr\/wp-json\/wp\/v2\/pages"}],"about":[{"href":"https:\/\/www.sebraepr.com.br\/compra-pr\/wp-json\/wp\/v2\/types\/page"}],"author":[{"embeddable":true,"href":"https:\/\/www.sebraepr.com.br\/compra-pr\/wp-json\/wp\/v2\/users\/2"}],"replies":[{"embeddable":true,"href":"https:\/\/www.sebraepr.com.br\/compra-pr\/wp-json\/wp\/v2\/comments?post=268"}],"version-history":[{"count":42,"href":"https:\/\/www.sebraepr.com.br\/compra-pr\/wp-json\/wp\/v2\/pages\/268\/revisions"}],"predecessor-version":[{"id":600,"href":"https:\/\/www.sebraepr.com.br\/compra-pr\/wp-json\/wp\/v2\/pages\/268\/revisions\/600"}],"wp:attachment":[{"href":"https:\/\/www.sebraepr.com.br\/compra-pr\/wp-json\/wp\/v2\/media?parent=268"}],"curies":[{"name":"wp","href":"https:\/\/api.w.org\/{rel}","templated":true}]}}